{"id":4602,"date":"2024-01-12T21:49:46","date_gmt":"2024-01-12T19:49:46","guid":{"rendered":"https:\/\/mareapensionista.org\/?page_id=4602"},"modified":"2024-01-12T21:49:47","modified_gmt":"2024-01-12T19:49:47","slug":"7-videos-de-conferencias-en-streaming","status":"publish","type":"page","link":"https:\/\/mareapensionista.org\/ca\/7-videos-de-conferencias-en-streaming\/","title":{"rendered":"7. VIDEOS DE CONFERENCIAS EN STREAMING"},"content":{"rendered":"<ul class=\"wp-block-list\">\n<li><strong>RAMON FRANQUESA (en castellano): Desmantelamiento del Sistema Social de Pensiones<\/strong><\/li>\n<\/ul>\n\n\n\n<p><a href=\"https:\/\/vimeo.com\/79346554\" target=\"_blank\" rel=\"noreferrer noopener\">Conferencia en castellano ante Frentes C\u00edvicos de Sata Coloma y Sant Adri\u00e0<\/a><\/p>\n\n\n\n<ul class=\"wp-block-list\">\n<li><strong>CONFER\u00c8NCIA DE RAMON FRANQUESA (en catal\u00e0): Veritats i Mentides sobre les Pensions<\/strong><\/li>\n<\/ul>\n\n\n\n<p><a href=\"http:\/\/forumdedebats.vicentitats.cat\/diba_projecte\/ramon-franquesa-la-sostenibilitat-del-sistema-public-de-pensions-veritats-i-mentides\/\" target=\"_blank\" rel=\"noreferrer noopener\">Conferencia en catal\u00e0 en Fundaci\u00f3n Caixa Manlleu\/<\/a><\/p>\n\n\n\n<ul class=\"wp-block-list\">\n<li><strong>UNIVERSITAT AUT\u00d2NOMA DE BARCELONA. El d\u00e8ficit del Sistema Social de Pensions i les seves solucions<\/strong><\/li>\n<\/ul>\n\n\n\n<p><strong>Presentaci\u00f3n en Catal\u00e1n y Conferencias en Castellano.<\/strong><br><strong>Presentador:<\/strong>&nbsp;Jaime Garc\u00eda Vicente, abogado, miembro de la Junta Directiva de ACASS.<br><strong>Conferenciantes:<\/strong><br>\u2013 Antonio Gonz\u00e1lez Gonz\u00e1lez. Economista, Vocal del Consejo Econ\u00f3mico y Social. Miembro d\u2019Economistas Frente a la Crisis<br>\u2013 Mikel Arenas, Abogado del Colectivo Ronda&gt;br&gt;<br>\u2013 Miren Etxezarreta, Catedr\u00e1tica Emerita de la UAB<\/p>\n\n\n\n<p><a href=\"https:\/\/youtu.be\/WyKQOVuMAys\" target=\"_blank\" rel=\"noreferrer noopener\">Conferencias en Universidad Autonoma de Barcelona\/<\/a><\/p>","protected":false},"excerpt":{"rendered":"<p>Conferencia en castellano ante Frentes C\u00edvicos de Sata Coloma y Sant Adri\u00e0 Conferencia en catal\u00e0 en Fundaci\u00f3n Caixa Manlleu\/ Presentaci\u00f3n en Catal\u00e1n y Conferencias en Castellano.Presentador:&nbsp;Jaime Garc\u00eda Vicente, abogado, miembro de la Junta Directiva de ACASS.Conferenciantes:\u2013 Antonio Gonz\u00e1lez Gonz\u00e1lez. Economista, Vocal del Consejo Econ\u00f3mico y Social. Miembro d\u2019Economistas Frente a la Crisis\u2013 Mikel Arenas, Abogado&hellip;&nbsp;<a href=\"https:\/\/mareapensionista.org\/ca\/7-videos-de-conferencias-en-streaming\/\" class=\"\" rel=\"bookmark\">Read More &raquo;<span class=\"screen-reader-text\">7. VIDEOS DE CONFERENCIAS EN STREAMING<\/span><\/a><\/p>","protected":false},"author":4,"featured_media":0,"parent":0,"menu_order":0,"comment_status":"closed","ping_status":"closed","template":"","meta":{"neve_meta_sidebar":"full-width","neve_meta_container":"","neve_meta_enable_content_width":"on","neve_meta_content_width":100,"neve_meta_title_alignment":"","neve_meta_author_avatar":"","neve_post_elements_order":"","neve_meta_disable_header":"","neve_meta_disable_footer":"","neve_meta_disable_title":"","_ti_tpc_template_sync":false,"_ti_tpc_template_id":"","_mc_calendar":[],"footnotes":""},"class_list":["post-4602","page","type-page","status-publish","hentry"],"_links":{"self":[{"href":"https:\/\/mareapensionista.org\/ca\/wp-json\/wp\/v2\/pages\/4602","targetHints":{"allow":["GET"]}}],"collection":[{"href":"https:\/\/mareapensionista.org\/ca\/wp-json\/wp\/v2\/pages"}],"about":[{"href":"https:\/\/mareapensionista.org\/ca\/wp-json\/wp\/v2\/types\/page"}],"author":[{"embeddable":true,"href":"https:\/\/mareapensionista.org\/ca\/wp-json\/wp\/v2\/users\/4"}],"replies":[{"embeddable":true,"href":"https:\/\/mareapensionista.org\/ca\/wp-json\/wp\/v2\/comments?post=4602"}],"version-history":[{"count":1,"href":"https:\/\/mareapensionista.org\/ca\/wp-json\/wp\/v2\/pages\/4602\/revisions"}],"predecessor-version":[{"id":4603,"href":"https:\/\/mareapensionista.org\/ca\/wp-json\/wp\/v2\/pages\/4602\/revisions\/4603"}],"wp:attachment":[{"href":"https:\/\/mareapensionista.org\/ca\/wp-json\/wp\/v2\/media?parent=4602"}],"curies":[{"name":"wp","href":"https:\/\/api.w.org\/{rel}","templated":true}]}}